{"id":29,"date":"2018-08-03T12:09:58","date_gmt":"2018-08-03T10:09:58","guid":{"rendered":"http:\/\/musiquesperance-stdie.fr\/?page_id=29"},"modified":"2026-08-23T19:20:21","modified_gmt":"2026-08-23T17:20:21","slug":"lassociation","status":"publish","type":"page","link":"https:\/\/musiquesperance-stdie.fr\/index.php\/lassociation\/","title":{"rendered":"L&rsquo;association"},"content":{"rendered":"<p><span style=\"font-weight: 400;\">Notre Association \u0153uvre dans l\u2019esprit du pianiste Miguel Angel Estrella, fondateur du mouvement <strong><a href=\"http:\/\/federation-musique-esperance.org\/FR\/index_fr.html\" target=\"_blank\" rel=\"noopener noreferrer\">Musique Esp\u00e9rance Internationale<\/a><\/strong>, en mettant la musique au service des Droits de l\u2019Homme et de la Paix.<\/span><\/p>\n<p><span style=\"font-weight: 400;\">Nous organisons des concerts de grande qualit\u00e9. Nous demandons aux artistes, parall\u00e8lement \u00e0 leur prestation et lorsque cela est possible, de donner un peu de leur temps \u00e0 un public qui n\u2019a pas la chance de pouvoir se rendre aux spectacles (personnes \u00e2g\u00e9es, malades, jeunes en difficult\u00e9, entreprises).<\/span><\/p>\n<p><span style=\"font-weight: 400;\">Dans le m\u00eame esprit, nous offrons des billets d\u2019entr\u00e9e gratuits ou \u00e0 prix r\u00e9duits \u00e0 divers organismes sociaux de Saint-Di\u00e9-des-Vosges, pour que des personnes en difficult\u00e9s puissent d\u00e9couvrir la musique.<\/span><\/p>\n<p><span style=\"font-weight: 400;\">Nous parrainons \u00e9galement un coll\u00e8ge de la ville de POTOSI (voir plus bas). \u00a0Cette ville mini\u00e8re est tr\u00e8s pauvre et est situ\u00e9e \u00e0 plus de 4000 m\u00e8tres d\u2019altitude. Nous soutenons aussi l\u2019association Madres de Dios qui vient en aide \u00e0 des m\u00e8res c\u00e9libataires en grande pr\u00e9carit\u00e9. Ces deux associations se trouvent en BOLIVIE.<\/span><\/p>\n<p><strong>Musique Esp\u00e9rance et la Paix :<\/strong><i> <\/i><\/p>\n<blockquote>\n<p><i><span style=\"font-weight: 400;\">\u00ab\u00a0Constuire une Culture de Paix en rendant \u00e0 la Musique son r\u00f4le de communication solidaire entre les hommes et entre les peuples.\u00a0\u00bb<\/span><\/i><\/p>\n<\/blockquote>\n<p><i><div id=\"metaslider-id-243\" style=\"max-width: 700px;\" class=\"ml-slider-3-112-0 metaslider metaslider-flex metaslider-243 ml-slider has-dots-nav ms-theme-default\" role=\"region\" aria-label=\"L&amp;#039;association - les concerts\" data-height=\"501\" data-width=\"700\">\n    <div id=\"metaslider_container_243\">\n        <div id=\"metaslider_243\">\n            <ul class='slides'>\n                <li style=\"display: block; width: 100%;\" class=\"slide-249 ms-image \" aria-roledescription=\"slide\" data-date=\"2018-08-27 18:49:54\" data-filename=\"DSC02083-700x501.jpg\" data-slide-type=\"image\"><img loading=\"lazy\" decoding=\"async\" src=\"https:\/\/musiquesperance-stdie.fr\/wp-content\/uploads\/2018\/08\/DSC02083-700x501.jpg\" height=\"501\" width=\"700\" alt=\"\" class=\"slider-243 slide-249 msDefaultImage\" \/><\/li>\n                <li style=\"display: none; width: 100%;\" class=\"slide-250 ms-image \" aria-roledescription=\"slide\" data-date=\"2018-08-27 18:50:20\" data-filename=\"7500-700x501.jpg\" data-slide-type=\"image\"><img loading=\"lazy\" decoding=\"async\" src=\"https:\/\/musiquesperance-stdie.fr\/wp-content\/uploads\/2018\/08\/7500-700x501.jpg\" height=\"501\" width=\"700\" alt=\"\" class=\"slider-243 slide-250 msDefaultImage\" \/><\/li>\n                <li style=\"display: none; width: 100%;\" class=\"slide-251 ms-image \" aria-roledescription=\"slide\" data-date=\"2018-08-27 18:50:28\" data-filename=\"8024-e1535388777395-700x501.jpg\" data-slide-type=\"image\"><img loading=\"lazy\" decoding=\"async\" src=\"https:\/\/musiquesperance-stdie.fr\/wp-content\/uploads\/2018\/08\/8024-e1535388777395-700x501.jpg\" height=\"501\" width=\"700\" alt=\"\" class=\"slider-243 slide-251 msDefaultImage\" \/><\/li>\n                <li style=\"display: none; width: 100%;\" class=\"slide-252 ms-image \" aria-roledescription=\"slide\" data-date=\"2018-08-27 18:50:40\" data-filename=\"6050-700x501.jpg\" data-slide-type=\"image\"><img loading=\"lazy\" decoding=\"async\" src=\"https:\/\/musiquesperance-stdie.fr\/wp-content\/uploads\/2018\/08\/6050-700x501.jpg\" height=\"501\" width=\"700\" alt=\"\" class=\"slider-243 slide-252 msDefaultImage\" title=\"6050\" \/><\/li>\n                <li style=\"display: none; width: 100%;\" class=\"slide-253 ms-image \" aria-roledescription=\"slide\" data-date=\"2018-08-27 18:50:48\" data-filename=\"6030-700x501.jpeg\" data-slide-type=\"image\"><img loading=\"lazy\" decoding=\"async\" src=\"https:\/\/musiquesperance-stdie.fr\/wp-content\/uploads\/2018\/08\/6030-700x501.jpeg\" height=\"501\" width=\"700\" alt=\"\" class=\"slider-243 slide-253 msDefaultImage\" title=\"6030\" \/><\/li>\n                <li style=\"display: none; width: 100%;\" class=\"slide-278 ms-image \" aria-roledescription=\"slide\" data-date=\"2018-08-28 16:13:45\" data-filename=\"P1030412-700x501.jpg\" data-slide-type=\"image\"><img loading=\"lazy\" decoding=\"async\" src=\"https:\/\/musiquesperance-stdie.fr\/wp-content\/uploads\/2018\/08\/P1030412-700x501.jpg\" height=\"501\" width=\"700\" alt=\"\" class=\"slider-243 slide-278 msDefaultImage\" \/><\/li>\n                <li style=\"display: none; width: 100%;\" class=\"slide-279 ms-image \" aria-roledescription=\"slide\" data-date=\"2018-08-28 16:13:59\" data-filename=\"P1040753-700x501.jpg\" data-slide-type=\"image\"><img loading=\"lazy\" decoding=\"async\" src=\"https:\/\/musiquesperance-stdie.fr\/wp-content\/uploads\/2018\/08\/P1040753-700x501.jpg\" height=\"501\" width=\"700\" alt=\"\" class=\"slider-243 slide-279 msDefaultImage\" \/><\/li>\n                <li style=\"display: none; width: 100%;\" class=\"slide-280 ms-image \" aria-roledescription=\"slide\" data-date=\"2018-08-28 16:14:10\" data-filename=\"patrick_antonot_amnesty_6273-700x501.jpg\" data-slide-type=\"image\"><img loading=\"lazy\" decoding=\"async\" src=\"https:\/\/musiquesperance-stdie.fr\/wp-content\/uploads\/2018\/08\/patrick_antonot_amnesty_6273-700x501.jpg\" height=\"501\" width=\"700\" alt=\"\" class=\"slider-243 slide-280 msDefaultImage\" \/><\/li>\n                <li style=\"display: none; width: 100%;\" class=\"slide-281 ms-image \" aria-roledescription=\"slide\" data-date=\"2018-08-28 16:14:16\" data-filename=\"patrick_antonot_amnesty_6252-700x501.jpg\" data-slide-type=\"image\"><img loading=\"lazy\" decoding=\"async\" src=\"https:\/\/musiquesperance-stdie.fr\/wp-content\/uploads\/2018\/08\/patrick_antonot_amnesty_6252-700x501.jpg\" height=\"501\" width=\"700\" alt=\"\" class=\"slider-243 slide-281 msDefaultImage\" \/><\/li>\n            <\/ul>\n        <\/div>\n        \n    <\/div>\n<\/div>\u00a0<\/i><\/p>\n<blockquote>\n<p><i><span style=\"font-weight: 400;\">\u00ab D\u00e8s lors que l\u2019on prend conscience du r\u00f4le de l\u2019homme public, obligatoirement d\u00e9volu \u00e0 tout artiste, que l\u2019on consid\u00e8re la pratique musicale comme l\u2019un des moyens les plus accomplis pour acc\u00e9der \u00e0 un id\u00e9al d\u2019art et de spiritualit\u00e9, qu\u2019on tend \u00e0 lui conc\u00e9der des implications humaines d\u2019universalit\u00e9 et de fraternit\u00e9, on est amen\u00e9 \u00e0 investir ceux qui la servent d\u2019une haute responsabilit\u00e9 et \u00e0 attendre d\u2019eux le respect d\u2019un certain nombre d\u2019exigences. C\u2019est \u00e0 leur promotion que r\u00e9pond la fondation de Musique Esp\u00e9rance. \u00bb <\/span><\/i><\/p>\n<p><strong>Miguel Angel Estrella &#8211; Pr\u00e9sident Fondateur de la F\u00e9d\u00e9ration Internationale Musique Esp\u00e9rance<\/strong><\/p>\n<\/blockquote>\n<div id=\"metaslider-id-297\" style=\"max-width: 700px;\" class=\"ml-slider-3-112-0 metaslider metaslider-flex metaslider-297 ml-slider has-dots-nav ms-theme-default\" role=\"region\" aria-label=\"Miguel Angel Estrella\" data-height=\"500\" data-width=\"700\">\n    <div id=\"metaslider_container_297\">\n        <div id=\"metaslider_297\">\n            <ul class='slides'>\n                <li style=\"display: block; width: 100%;\" class=\"slide-298 ms-image \" aria-roledescription=\"slide\" data-date=\"2018-08-28 16:43:44\" data-filename=\"patrick_antonot_amnesty_6253-1-700x500.jpg\" data-slide-type=\"image\"><img loading=\"lazy\" decoding=\"async\" src=\"https:\/\/musiquesperance-stdie.fr\/wp-content\/uploads\/2018\/08\/patrick_antonot_amnesty_6253-1-700x500.jpg\" height=\"500\" width=\"700\" alt=\"\" class=\"slider-297 slide-298 msDefaultImage\" \/><\/li>\n                <li style=\"display: none; width: 100%;\" class=\"slide-301 ms-image \" aria-roledescription=\"slide\" data-date=\"2018-08-28 16:50:05\" data-filename=\"P1040371-700x500.jpg\" data-slide-type=\"image\"><img loading=\"lazy\" decoding=\"async\" src=\"https:\/\/musiquesperance-stdie.fr\/wp-content\/uploads\/2018\/08\/P1040371-700x500.jpg\" height=\"500\" width=\"700\" alt=\"\" class=\"slider-297 slide-301 msDefaultImage\" \/><\/li>\n                <li style=\"display: none; width: 100%;\" class=\"slide-302 ms-image \" aria-roledescription=\"slide\" data-date=\"2018-08-28 16:50:13\" data-filename=\"P1040402-700x500.jpg\" data-slide-type=\"image\"><img loading=\"lazy\" decoding=\"async\" src=\"https:\/\/musiquesperance-stdie.fr\/wp-content\/uploads\/2018\/08\/P1040402-700x500.jpg\" height=\"500\" width=\"700\" alt=\"\" class=\"slider-297 slide-302 msDefaultImage\" \/><\/li>\n                <li style=\"display: none; width: 100%;\" class=\"slide-304 ms-image \" aria-roledescription=\"slide\" data-date=\"2018-08-28 16:50:37\" data-filename=\"P1040441-700x500.jpg\" data-slide-type=\"image\"><img loading=\"lazy\" decoding=\"async\" src=\"https:\/\/musiquesperance-stdie.fr\/wp-content\/uploads\/2018\/08\/P1040441-700x500.jpg\" height=\"500\" width=\"700\" alt=\"\" class=\"slider-297 slide-304 msDefaultImage\" \/><\/li>\n            <\/ul>\n        <\/div>\n        \n    <\/div>\n<\/div>\n<h4>Notre soutien au coll\u00e8ge de Ca\u00efza \u00e0 Potosi\u00a0et Madre de Dios \u00e0 Cochabamba, situ\u00e9s en Bolivie<span style=\"font-weight: 400;\"><br \/><\/span><i><\/i><\/h4>\n<p><i><span style=\"font-weight: 400;\">(Les recettes de la vente de nos programmes leur sont int\u00e9gralement revers\u00e9es.)<\/span><\/i><\/p>\n<p><em><strong>Amanecer<\/strong><\/em><span style=\"font-weight: 400;\">\u00a0a \u00e9t\u00e9 fond\u00e9 en 1981, par deux infirmi\u00e8res am\u00e9ricaines venues travailler en Bolivie. C&rsquo;est un programme de pr\u00e9vention, protection et r\u00e9habilitation qui offre un h\u00e9bergement pour la nuit et la promesse d&rsquo;un jour nouveau aux enfants qui vivent dans la rue de Cochabamba. Cette association r\u00e9unit 25 centres diff\u00e9rents.<br \/><\/span><\/p>\n<p><em><strong>Madre de Dios<\/strong><\/em><span style=\"font-weight: 400;\"> est une r\u00e9sidence temporaire pour femmes victimes d&rsquo;abandon, de maltraitances, physique, psychologique, d&rsquo;abus sexuels, de violences domestiques, d&rsquo;exploitation par le travail. Ces femmes vivent dans la rue. On met \u00e0 leur disposition une garderie, des soins complets et une orientation pour qu&rsquo;elles puissent d\u00e9velopper un style de vie plus stable. La capacit\u00e9 d&rsquo;accueil est de 80 personnes enfants compris.<br \/><\/span><span style=\"font-weight: 400;\">La seconde \u00e9tape de <em>Madre de Dios<\/em> est consacr\u00e9e aux jeunes adolescentes qui ont v\u00e9cues dans la rue ayant atteint un certain niveau de stabilit\u00e9 et de croissance personnelle. Il faut les aider \u00e0 gagner confiance en elles, qu&rsquo;elles continuent \u00e0 grandir dans la capacit\u00e9 \u00e0 donner et recevoir de l&rsquo;affection.<\/span><\/p>\n<p>L&rsquo;\u00e9ducation tient une place importante, certaines m\u00e8res et jeunes filles apprennent la couture, la broderie, r\u00e9alisations qui sont vendues sur les march\u00e9s. (Elles ont re\u00e7u en don des machines \u00e0 coudre).<\/p>\n<p><span style=\"font-weight: 400;\">Certaines mamans travaillent, elles ont besoin d&rsquo;un accueil pour la nuit, leurs enfants sont gard\u00e9s autour d&rsquo;ateliers de jeux, de musique, de peinture pendant le temps de travail des mamans. Les enfants sont scolaris\u00e9s.<\/span><\/p>\n<p><span style=\"font-weight: 400;\"><em>Madre de Dios<\/em> \u00a0t\u00e2che de pr\u00e9venir la d\u00e9composition familiale par des visites et des r\u00e9unions de parents avec les enfants, ils souhaitent am\u00e9liorer le niveau des relations pour permettre la r\u00e9int\u00e9gration de la place de l&rsquo;enfant dans la famille.<\/span><\/p>\n<p><span style=\"font-weight: 400;\"><em>Madre de Dios<\/em> pr\u00e9pare les jeunes femmes et les enfants \u00e0 gagner leur vie honn\u00eatement, pour cela le programme offre une orientation compl\u00e8te et une qualification dans diff\u00e9rents domaines tels que la menuiserie, l&rsquo;\u00e9lectricit\u00e9, la plomberie, la m\u00e9canique, la boulangerie, la cuisine ou l&rsquo;agriculture (ils ont re\u00e7u un four \u00e0 pain et un p\u00e9trin ce qui leur permet une autonomie, le prix du pain ayant beaucoup augment\u00e9).<\/span><\/p>\n<p><span style=\"font-weight: 400;\">Chaque r\u00e9sident de chaque maison re\u00e7oit selon ses besoins des soins m\u00e9dicaux et dentaires, leur sont fournis les v\u00eatements, la nourriture, l&rsquo;\u00e9ducation, les conseils et la protection l\u00e9gale. <\/span><\/p>\n<p><span style=\"font-weight: 400;\">Personne n&rsquo;est rejet\u00e9, c&rsquo;est pourquoi, parfois plus de 400 enfants sont h\u00e9berg\u00e9s.<\/span><\/p>\n<p><em><strong>Potos\u00ed<\/strong><\/em> est une ville de Bolivie, situ\u00e9e \u00e0 180 km de Sucre. Son nom vient du quechua\u00a0Potojsi qui signifie \u00ab tonnerre \u00bb. Potos\u00ed n&rsquo;a \u00e9t\u00e9 longtemps qu&rsquo;un petit hameau perch\u00e9 \u00e0 d&rsquo;altitude de 4 000 m, dans la solitude glac\u00e9e des Andes.\u00a0Elle s\u2019est d\u00e9velopp\u00e9e \u00e0 partir de 1546, lors de la d\u00e9couverte d\u2019\u00e9normes gisements\u00a0d&rsquo;argent. Elle fut alors l\u2019une des plus grandes villes du monde avec plus de 200 000\u00a0habitants, bien plus que Paris.<\/p>\n<p>Des millions d\u2019Indiens sont morts dans les galeries de la montagne en raison de\u00a0probl\u00e8mes respiratoires ou d\u2019accidents.\u00a0Les mines sont \u00e9puis\u00e9es maintenant, la\u00a0pauvret\u00e9 s\u00e9vit \u00e0 Potosi, et vu les conditions de travail, l\u2019esp\u00e9rance de vie d\u2019un mineur\u00a0serait de 45 ans.<\/p>\n<p>Depuis 1990, l\u2019association Musique Esp\u00e9rance Saint-Di\u00e9 parraine une \u00e9cole proche de\u00a0Potosi \u00e0 Ca\u00efza. Il s\u2019agit d\u2019une \u00e9cole primaire, d\u2019un coll\u00e8ge secondaire, et d\u2019un internat\u00a0permettant de scolariser des enfants des villages \u00e9loign\u00e9s.<\/p>\n<p>V\u00e9ronica, une enseignante belge qui y travaille, nous donne r\u00e9guli\u00e8rement des\u00a0nouvelles :\u00a0\u00ab\u00a0Peu de choses ont chang\u00e9, le directeur de l\u2019\u00e9cole primaire et celui du coll\u00e8ge\u00a0secondaire sont les m\u00eames et les professeurs sont presque tous rest\u00e9s. C\u2019est une\u00a0bonne chose car comme \u00e7a il y a un suivi scolaire et p\u00e9dagogique entre les deux\u00a0entit\u00e9s. L\u2019\u00e9cole primaire et le coll\u00e8ge sont plus peupl\u00e9s. Dans les petits villages, l\u2019exode\u00a0rural gagne du terrain et de plus en plus d\u2019\u00e9coles ont ferm\u00e9 leurs portes ou n\u2019accueillent\u00a0plus que des \u00e9l\u00e8ves jusqu\u2019\u00e0 la troisi\u00e8me primaire.\u00a0Cons\u00e9quence directe, le nombre de petits internes a augment\u00e9 et on a des enfants de 9\u00a0ou 10 ans qui sont sous la responsabilit\u00e9 de la paroisse. Cette situation perdurera\u00a0certainement tout en s\u2019amplifiant. La situation \u00e9conomique ne s\u2019est pas am\u00e9lior\u00e9e et le\u00a0prix des produits de base a bien augment\u00e9. Cette ann\u00e9e, il fut d\u00e9cid\u00e9 de ne pas changer\u00a0le montant de la pension.\u00bb<\/p>\n<div id=\"metaslider-id-255\" style=\"max-width: 700px;\" class=\"ml-slider-3-112-0 metaslider metaslider-flex metaslider-255 ml-slider has-dots-nav ms-theme-default\" role=\"region\" aria-label=\"L&amp;#039;association - notre soutien\" data-height=\"500\" data-width=\"700\">\n    <div id=\"metaslider_container_255\">\n        <div id=\"metaslider_255\">\n            <ul class='slides'>\n                <li style=\"display: block; width: 100%;\" class=\"slide-263 ms-image \" aria-roledescription=\"slide\" data-date=\"2018-08-27 19:08:01\" data-filename=\"P1050318-700x500.jpg\" data-slide-type=\"image\"><img loading=\"lazy\" decoding=\"async\" src=\"https:\/\/musiquesperance-stdie.fr\/wp-content\/uploads\/2018\/08\/P1050318-700x500.jpg\" height=\"500\" width=\"700\" alt=\"\" class=\"slider-255 slide-263 msDefaultImage\" \/><\/li>\n                <li style=\"display: none; width: 100%;\" class=\"slide-264 ms-image \" aria-roledescription=\"slide\" data-date=\"2018-08-27 19:08:15\" data-filename=\"P1050350-700x500.jpg\" data-slide-type=\"image\"><img loading=\"lazy\" decoding=\"async\" src=\"https:\/\/musiquesperance-stdie.fr\/wp-content\/uploads\/2018\/08\/P1050350-700x500.jpg\" height=\"500\" width=\"700\" alt=\"\" class=\"slider-255 slide-264 msDefaultImage\" \/><\/li>\n                <li style=\"display: none; width: 100%;\" class=\"slide-265 ms-image \" aria-roledescription=\"slide\" data-date=\"2018-08-27 19:08:23\" data-filename=\"P1050319-700x500.jpg\" data-slide-type=\"image\"><img loading=\"lazy\" decoding=\"async\" src=\"https:\/\/musiquesperance-stdie.fr\/wp-content\/uploads\/2018\/08\/P1050319-700x500.jpg\" height=\"500\" width=\"700\" alt=\"\" class=\"slider-255 slide-265 msDefaultImage\" \/><\/li>\n                <li style=\"display: none; width: 100%;\" class=\"slide-266 ms-image \" aria-roledescription=\"slide\" data-date=\"2018-08-27 19:08:34\" data-filename=\"P1040971-copia-700x500.jpg\" data-slide-type=\"image\"><img loading=\"lazy\" decoding=\"async\" src=\"https:\/\/musiquesperance-stdie.fr\/wp-content\/uploads\/2018\/08\/P1040971-copia-700x500.jpg\" height=\"500\" width=\"700\" alt=\"\" class=\"slider-255 slide-266 msDefaultImage\" \/><\/li>\n                <li style=\"display: none; width: 100%;\" class=\"slide-267 ms-image \" aria-roledescription=\"slide\" data-date=\"2018-08-27 19:08:49\" data-filename=\"P1040817-700x500.jpg\" data-slide-type=\"image\"><img loading=\"lazy\" decoding=\"async\" src=\"https:\/\/musiquesperance-stdie.fr\/wp-content\/uploads\/2018\/08\/P1040817-700x500.jpg\" height=\"500\" width=\"700\" alt=\"\" class=\"slider-255 slide-267 msDefaultImage\" \/><\/li>\n                <li style=\"display: none; width: 100%;\" class=\"slide-269 ms-image \" aria-roledescription=\"slide\" data-date=\"2018-08-27 19:09:09\" data-filename=\"6-haciendo-gimnacia-700x500.jpg\" data-slide-type=\"image\"><img loading=\"lazy\" decoding=\"async\" src=\"https:\/\/musiquesperance-stdie.fr\/wp-content\/uploads\/2018\/08\/6-haciendo-gimnacia-700x500.jpg\" height=\"500\" width=\"700\" alt=\"\" class=\"slider-255 slide-269 msDefaultImage\" \/><\/li>\n                <li style=\"display: none; width: 100%;\" class=\"slide-369 ms-image \" aria-roledescription=\"slide\" data-date=\"2018-09-20 17:12:14\" data-filename=\"5050-640x457.jpg\" data-slide-type=\"image\"><img loading=\"lazy\" decoding=\"async\" src=\"https:\/\/musiquesperance-stdie.fr\/wp-content\/uploads\/2018\/09\/5050-640x457.jpg\" height=\"500\" width=\"700\" alt=\"\" class=\"slider-255 slide-369 msDefaultImage\" \/><\/li>\n                <li style=\"display: none; width: 100%;\" class=\"slide-370 ms-image \" aria-roledescription=\"slide\" data-date=\"2018-09-20 17:12:14\" data-filename=\"5530-640x457.jpg\" data-slide-type=\"image\"><img loading=\"lazy\" decoding=\"async\" src=\"https:\/\/musiquesperance-stdie.fr\/wp-content\/uploads\/2018\/09\/5530-640x457.jpg\" height=\"500\" width=\"700\" alt=\"\" class=\"slider-255 slide-370 msDefaultImage\" title=\"5530\" \/><\/li>\n                <li style=\"display: none; width: 100%;\" class=\"slide-371 ms-image \" aria-roledescription=\"slide\" data-date=\"2018-09-20 17:12:14\" data-filename=\"5540-640x457.jpg\" data-slide-type=\"image\"><img loading=\"lazy\" decoding=\"async\" src=\"https:\/\/musiquesperance-stdie.fr\/wp-content\/uploads\/2018\/09\/5540-640x457.jpg\" height=\"500\" width=\"700\" alt=\"\" class=\"slider-255 slide-371 msDefaultImage\" \/><\/li>\n            <\/ul>\n        <\/div>\n        \n    <\/div>\n<\/div>\n<h4>Merci \u00e0 vous !<\/h4>\n<p style=\"text-align: left;\"><span style=\"font-weight: 400;\">L\u2019Association Musique Esp\u00e9rance Saint-Di\u00e9 est subventionn\u00e9e par :<\/span><\/p>\n<ul>\n<li style=\"text-align: left;\"><span style=\"font-weight: 400;\">l<\/span><span style=\"font-weight: 400;\">e <strong>Conseil D\u00e9partemental des Vosges<\/strong><\/span><\/li>\n<li>la <strong>Communaut\u00e9 d&rsquo;Agglom\u00e9ration de Saint-Di\u00e9-des-Vosges<\/strong><\/li>\n<li style=\"text-align: left;\"><span style=\"font-weight: 400;\">la<strong> ville de Saint-Di\u00e9-des-Vosges<\/strong>\u00a0<\/span><\/li>\n<\/ul>\n<p><span style=\"font-weight: 400;\">et soutenue par <\/span><\/p>\n<ul>\n<li><span style=\"font-weight: 400;\">l&rsquo;<strong>Inner Wheel Club<\/strong><\/span><\/li>\n<li><span style=\"font-weight: 400;\">les <strong>Jeunesses Musicales de France<\/strong><\/span><\/li>\n<\/ul>\n<h4><a href=\"https:\/\/www.saint-die.eu\" target=\"_blank\" rel=\"noopener noreferrer\"><img loading=\"lazy\" decoding=\"async\" class=\"wp-image-191 alignleft\" src=\"https:\/\/musiquesperance-stdie.fr\/wp-content\/uploads\/2018\/08\/logo-ville.png\" alt=\"\" width=\"90\" height=\"114\" \/><\/a><a href=\"https:\/\/www.vosges.fr\" target=\"_blank\" rel=\"noopener noreferrer\"><img loading=\"lazy\" decoding=\"async\" class=\"size-thumbnail wp-image-807 alignleft\" src=\"https:\/\/musiquesperance-stdie.fr\/wp-content\/uploads\/2026\/08\/logo-com-dagglo-150x150.jpg\" alt=\"\" width=\"150\" height=\"150\" srcset=\"https:\/\/musiquesperance-stdie.fr\/wp-content\/uploads\/2026\/08\/logo-com-dagglo-150x150.jpg 150w, https:\/\/musiquesperance-stdie.fr\/wp-content\/uploads\/2026\/08\/logo-com-dagglo-300x300.jpg 300w, https:\/\/musiquesperance-stdie.fr\/wp-content\/uploads\/2026\/08\/logo-com-dagglo.jpg 447w\" sizes=\"auto, (max-width: 150px) 100vw, 150px\" \/><img loading=\"lazy\" decoding=\"async\" class=\"wp-image-194 alignnone\" src=\"https:\/\/musiquesperance-stdie.fr\/wp-content\/uploads\/2018\/08\/vie-en-vosges-logos-300x121.png\" alt=\"\" width=\"169\" height=\"68\" srcset=\"https:\/\/musiquesperance-stdie.fr\/wp-content\/uploads\/2018\/08\/vie-en-vosges-logos-300x121.png 300w, https:\/\/musiquesperance-stdie.fr\/wp-content\/uploads\/2018\/08\/vie-en-vosges-logos-768x310.png 768w, https:\/\/musiquesperance-stdie.fr\/wp-content\/uploads\/2018\/08\/vie-en-vosges-logos.png 978w\" sizes=\"auto, (max-width: 169px) 100vw, 169px\" \/><\/a><\/h4>\n<h4>\u00a0<\/h4>\n<p>&nbsp;<\/p>\n<p>&nbsp;<\/p>\n<p style=\"text-align: left;\"><a href=\"http:\/\/www.sadec-akelys.fr\/groupe\/recrutement\/annuaire-271-10-19-sadec-akelys-saint-die.html\" target=\"_blank\" rel=\"noopener noreferrer\"><img loading=\"lazy\" decoding=\"async\" class=\"size-full wp-image-361 alignleft\" src=\"https:\/\/musiquesperance-stdie.fr\/wp-content\/uploads\/2018\/09\/logo_sadec_akelys.jpg\" alt=\"\" width=\"180\" height=\"110\" \/><\/a><a href=\"http:\/\/www.platexsa.fr\" target=\"_blank\" rel=\"noopener noreferrer\"><img loading=\"lazy\" decoding=\"async\" class=\"wp-image-360 alignnone\" src=\"https:\/\/musiquesperance-stdie.fr\/wp-content\/uploads\/2018\/09\/logo_platex-300x104.png\" alt=\"\" width=\"263\" height=\"91\" srcset=\"https:\/\/musiquesperance-stdie.fr\/wp-content\/uploads\/2018\/09\/logo_platex-300x104.png 300w, https:\/\/musiquesperance-stdie.fr\/wp-content\/uploads\/2018\/09\/logo_platex.png 679w\" sizes=\"auto, (max-width: 263px) 100vw, 263px\" \/><\/a><\/p>\n<p>&nbsp;<\/p>\n<p>&nbsp;<\/p>\n<p style=\"text-align: left;\"><a href=\"https:\/\/www.facebook.com\/Alliance-Ambulance-204632966606168\/\" target=\"_blank\" rel=\"noopener noreferrer\"><em>ALLIANCE AMBULANCE<\/em><\/a><\/p>\n<p><a href=\"https:\/\/essentiel-autonomie.humanis.com\/trouver-maison-retraite-ehpad\/ehpad\/880789276\/residence-age-or-st-die-vosges\" target=\"_blank\" rel=\"noopener noreferrer\"><em>R\u00c9SIDENCE L&rsquo;\u00c2GE D&rsquo;OR<\/em><\/a><\/p>\n<p style=\"text-align: left;\"><a href=\"https:\/\/www.librairieleneuf.fr\" target=\"_blank\" rel=\"noopener noreferrer\"><em>LIBRAIRIE LE NEUF<\/em><\/a><\/p>\n<p style=\"text-align: left;\"><a href=\"http:\/\/biorythme88.com\" target=\"_blank\" rel=\"noopener noreferrer\"><em>BIORYTHME SPORT ET BIEN-\u00caTRE<\/em><\/a><\/p>\n<p><a href=\"http:\/\/solinstal.archiexpo.fr\" target=\"_blank\" rel=\"noopener noreferrer\">SOLINSTAL D\u00c9CORATION<\/a><\/p>\n<p style=\"text-align: left;\"><a href=\"http:\/\/auditiondeodatienne.fr\" target=\"_blank\" rel=\"noopener noreferrer\"><em>AUDITION D\u00c9ODATIENNE<\/em><\/a><\/p>\n\n\n<p class=\"wp-block-paragraph\"><\/p>\n\n\n\n<p class=\"wp-block-paragraph\"><\/p>\n\n\n\n<p class=\"wp-block-paragraph\"><\/p>\n\n\n\n<h3 class=\"wp-block-heading\"><strong><span class=\"has-inline-color has-vivid-red-color\">MERCI A TOUS NOS PARTENAIRES !<\/span><\/strong><\/h3>\n\n\n\n<p class=\"wp-block-paragraph\"><\/p>\n","protected":false},"excerpt":{"rendered":"<p>Notre Association \u0153uvre dans l\u2019esprit du pianiste Miguel Angel Estrella, fondateur du mouvement Musique Esp\u00e9rance Internationale, en mettant la musique au service des Droits de l\u2019Homme et de la Paix. Nous organisons des concerts de grande qualit\u00e9. Nous demandons aux [&hellip;]<\/p>\n","protected":false},"author":1,"featured_media":0,"parent":0,"menu_order":0,"comment_status":"closed","ping_status":"closed","template":"","meta":{"footnotes":""},"class_list":["post-29","page","type-page","status-publish","hentry"],"_links":{"self":[{"href":"https:\/\/musiquesperance-stdie.fr\/index.php\/wp-json\/wp\/v2\/pages\/29","targetHints":{"allow":["GET"]}}],"collection":[{"href":"https:\/\/musiquesperance-stdie.fr\/index.php\/wp-json\/wp\/v2\/pages"}],"about":[{"href":"https:\/\/musiquesperance-stdie.fr\/index.php\/wp-json\/wp\/v2\/types\/page"}],"author":[{"embeddable":true,"href":"https:\/\/musiquesperance-stdie.fr\/index.php\/wp-json\/wp\/v2\/users\/1"}],"replies":[{"embeddable":true,"href":"https:\/\/musiquesperance-stdie.fr\/index.php\/wp-json\/wp\/v2\/comments?post=29"}],"version-history":[{"count":114,"href":"https:\/\/musiquesperance-stdie.fr\/index.php\/wp-json\/wp\/v2\/pages\/29\/revisions"}],"predecessor-version":[{"id":808,"href":"https:\/\/musiquesperance-stdie.fr\/index.php\/wp-json\/wp\/v2\/pages\/29\/revisions\/808"}],"wp:attachment":[{"href":"https:\/\/musiquesperance-stdie.fr\/index.php\/wp-json\/wp\/v2\/media?parent=29"}],"curies":[{"name":"wp","href":"https:\/\/api.w.org\/{rel}","templated":true}]}}